{"id":9543,"date":"2015-04-16T07:31:46","date_gmt":"2015-04-16T07:31:46","guid":{"rendered":"https:\/\/www.margheritaviaggi.com\/?page_id=9543"},"modified":"2024-03-28T08:50:57","modified_gmt":"2024-03-28T08:50:57","slug":"spiagge","status":"publish","type":"page","link":"https:\/\/www.margheritaviaggi.com\/it\/spiagge\/","title":{"rendered":"Spiagge Isola d&#8217;Elba"},"content":{"rendered":"\n\n\t<section class=\"section hide-for-small\" id=\"section_157906719\">\n\t\t<div class=\"section-bg fill\" >\n\t\t\t\t\t\t\t\t\t\n\t\t\t\n\n\t\t<\/div>\n\n\t\t\n\n\t\t<div class=\"section-content relative\">\n\t\t\t\n\n\t<div id=\"gap-1483617237\" class=\"gap-element clearfix\" style=\"display:block; height:auto;\">\n\t\t\n<style>\n#gap-1483617237 {\n  padding-top: 15px;\n}\n<\/style>\n\t<\/div>\n\t\n\n<div class=\"row\"  id=\"row-807666057\">\n\n\n\t<div id=\"col-831795998\" class=\"col small-12 large-12\"  >\n\t\t\t\t<div class=\"col-inner\"  >\n\t\t\t\n\t\t\t\n\n\t<div id=\"text-2182942528\" class=\"text\">\n\t\t\n\n<p style=\"margin-bottom: 0px;\"><a href=\"\/\" style=\"color: #949494;\">Home<\/a> > Spiagge Isola d\u2019Elba<\/p>\n\n\t\t\n<style>\n#text-2182942528 {\n  font-size: 0.9rem;\n  color: rgb(0, 189, 233);\n}\n#text-2182942528 > * {\n  color: rgb(0, 189, 233);\n}\n<\/style>\n\t<\/div>\n\t\n\n\t\t<\/div>\n\t\t\t\t\n<style>\n#col-831795998 > .col-inner {\n  margin: 0px 0px -20px 0px;\n}\n<\/style>\n\t<\/div>\n\n\t\n\n<\/div>\n\n\t\t<\/div>\n\n\t\t\n<style>\n#section_157906719 {\n  padding-top: 0px;\n  padding-bottom: 0px;\n  background-color: rgb(244, 244, 245);\n}\n<\/style>\n\t<\/section>\n\t\n\n\t<section class=\"section\" id=\"section_229879766\">\n\t\t<div class=\"section-bg fill\" >\n\t\t\t\t\t\t\t\t\t\n\t\t\t\n\n\t\t<\/div>\n\n\t\t\n\n\t\t<div class=\"section-content relative\">\n\t\t\t\n\n\t<div id=\"gap-727365825\" class=\"gap-element clearfix\" style=\"display:block; height:auto;\">\n\t\t\n<style>\n#gap-727365825 {\n  padding-top: 5px;\n}\n<\/style>\n\t<\/div>\n\t\n\n<div class=\"row\"  id=\"row-1779570111\">\n\n\n\t<div id=\"col-1688870563\" class=\"col small-12 large-12\"  >\n\t\t\t\t<div class=\"col-inner\"  >\n\t\t\t\n\t\t\t\n\n\t<div id=\"text-1224656824\" class=\"text\">\n\t\t\n\n<p style=\"margin-bottom: 0px;\"><strong>Spiagge Isola d\u2019Elba<\/strong><\/p>\n\n\t\t\n<style>\n#text-1224656824 {\n  font-size: 1.5rem;\n  color: rgb(255, 255, 255);\n}\n#text-1224656824 > * {\n  color: rgb(255, 255, 255);\n}\n@media (min-width:550px) {\n  #text-1224656824 {\n    font-size: 2rem;\n  }\n}\n<\/style>\n\t<\/div>\n\t\n\n\t\t<\/div>\n\t\t\t\t\n<style>\n#col-1688870563 > .col-inner {\n  margin: 0px 0px -25px 0px;\n}\n<\/style>\n\t<\/div>\n\n\t\n\n<\/div>\n\n\t\t<\/div>\n\n\t\t\n<style>\n#section_229879766 {\n  padding-top: 0px;\n  padding-bottom: 0px;\n  background-color: rgb(5, 18, 27);\n}\n<\/style>\n\t<\/section>\n\t\n<div class=\"row\"  id=\"row-1274731694\">\n\n\n\t<div id=\"col-201953969\" class=\"col small-12 large-12\"  >\n\t\t\t\t<div class=\"col-inner text-center\"  >\n\t\t\t\n\t\t\t\n\n\t<div id=\"text-690300832\" class=\"text\">\n\t\t\n\n<p>Grazie alla complessa geologia del suo territorio, l\u2019Isola d\u2019Elba racchiude nei suoi circa 150 km di coste una grande variet\u00e0 di spiagge: il consiglio per la vostra vacanza \u00e8 di non fermarvi a quella pi\u00f9 vicina, ma di esplorare l\u2019isola, scoprendo le peculiarit\u00e0 di ogni spiaggia!<\/p>\n<p>Per gli amanti delle <u><a href=\"\/it\/spiagge\/sabbia\/\">spiagge di sabbia<\/a><\/u> sono perfette Marina di Campo, Lacona e la Biodola: vasti arenili di sabbia fine, dove si trovano sia tratti liberi che stabilimenti balneari e bar. Qui il fondale digrada dolcemente, mentre nella maggior parte delle altre spiagge elbane gi\u00e0 dopo pochi metri l\u2019acqua si fa fonda.<\/p>\n<p>Chi ama calette pi\u00f9 riservate, per prendere il sole in pieno relax trover\u00e0 sull\u2019Elba una scelta vastissima: a nord ci sono splendide <u><a href=\"\/it\/spiagge\/sassi\/\">spiagge di ghiaia bianca<\/a><\/u> come Capo Bianco e Sansone, ideali per una tintarella perfetta, sul versante orientale dell\u2019Isola invece si trovano calette di sabbia scura di origine mineraria, come Cala Seregola, incorniciata dai resti delle vecchie miniere.<\/p>\n<p>Ancora diverse, le <u><a href=\"\/it\/spiagge\/scogliera\/\">scogliere di granito<\/a><\/u> di Sant\u2019Andrea e del vicino Cotoncello vi conquisteranno con le loro linee morbide che si immergono nelle acque cristalline che nulla hanno da invidiare a quelle della Sardegna.<\/p>\n<p>Se in spiaggia cercate la comodit\u00e0, troverete stabilimenti balneari con tutti i servizi; se invece \u00e8 la natura incontaminata che vi ha portato all\u2019Elba, le numerose calette raggiungibili attraverso passeggiate di varia lunghezza e intensit\u00e0 fanno al caso vostro! E se siete amanti della navigazione sarete entusiasti delle numerosissime spiaggette raggiungibili unicamente via mare!<\/p>\n\n\t\t\n<style>\n#text-690300832 {\n  text-align: left;\n}\n<\/style>\n\t<\/div>\n\t\n\n\t\t<\/div>\n\t\t\t\t\t<\/div>\n\n\t\n\n\t<div id=\"col-1554030011\" class=\"col small-12 large-12\"  >\n\t\t\t\t<div class=\"col-inner\"  >\n\t\t\t\n\t\t\t\n\n<div class=\"is-divider divider clearfix\" style=\"margin-top:0px;margin-bottom:0px;max-width:100%;height:1px;\"><\/div>\n\n\t<div id=\"gap-956881203\" class=\"gap-element clearfix\" style=\"display:block; height:auto;\">\n\t\t\n<style>\n#gap-956881203 {\n  padding-top: 10px;\n}\n<\/style>\n\t<\/div>\n\t\n\n<div class=\"social-icons share-icons share-row relative full-width text-center icon-style-fill\" ><span class=\"share-icons-title\">Condividi:<\/span><a href=\"whatsapp:\/\/send?text=Spiagge%20Isola%20d%26%238217%3BElba - https:\/\/www.margheritaviaggi.com\/it\/spiagge\/\" data-action=\"share\/whatsapp\/share\" class=\"icon primary button circle tooltip whatsapp show-for-medium\" title=\"Condividi su WhatsApp\" aria-label=\"Condividi su WhatsApp\"><i class=\"icon-whatsapp\" aria-hidden=\"true\"><\/i><\/a><a href=\"https:\/\/www.facebook.com\/sharer.php?u=https:\/\/www.margheritaviaggi.com\/it\/spiagge\/\" data-label=\"Facebook\" onclick=\"window.open(this.href,this.title,'width=500,height=500,top=300px,left=300px'); return false;\" target=\"_blank\" class=\"icon primary button circle tooltip facebook\" title=\"Condividi su Facebook\" aria-label=\"Condividi su Facebook\" rel=\"noopener nofollow\"><i class=\"icon-facebook\" aria-hidden=\"true\"><\/i><\/a><a href=\"https:\/\/twitter.com\/share?url=https:\/\/www.margheritaviaggi.com\/it\/spiagge\/\" onclick=\"window.open(this.href,this.title,'width=500,height=500,top=300px,left=300px'); return false;\" target=\"_blank\" class=\"icon primary button circle tooltip twitter\" title=\"Condividi su Twitter\" aria-label=\"Condividi su Twitter\" rel=\"noopener nofollow\"><i class=\"icon-twitter\" aria-hidden=\"true\"><\/i><\/a><a href=\"mailto:?subject=Spiagge%20Isola%20d%26%238217%3BElba&body=Dai%20un%26%23039%3Bocchiata%3A%20https%3A%2F%2Fwww.margheritaviaggi.com%2Fit%2Fspiagge%2F\" class=\"icon primary button circle tooltip email\" title=\"Invia per email ad un Amico\" aria-label=\"Invia per email ad un Amico\" rel=\"nofollow\"><i class=\"icon-envelop\" aria-hidden=\"true\"><\/i><\/a><a href=\"https:\/\/pinterest.com\/pin\/create\/button?url=https:\/\/www.margheritaviaggi.com\/it\/spiagge\/&media&description=Spiagge%20Isola%20d%26%238217%3BElba\" onclick=\"window.open(this.href,this.title,'width=500,height=500,top=300px,left=300px'); return false;\" target=\"_blank\" class=\"icon primary button circle tooltip pinterest\" title=\"Pin su Pinterest\" aria-label=\"Pin su Pinterest\" rel=\"noopener nofollow\"><i class=\"icon-pinterest\" aria-hidden=\"true\"><\/i><\/a><a href=\"https:\/\/www.linkedin.com\/shareArticle?mini=true&url=https:\/\/www.margheritaviaggi.com\/it\/spiagge\/&title=Spiagge%20Isola%20d%26%238217%3BElba\" onclick=\"window.open(this.href,this.title,'width=500,height=500,top=300px,left=300px'); return false;\" target=\"_blank\" class=\"icon primary button circle tooltip linkedin\" title=\"Condividi su LinkedIn\" aria-label=\"Condividi su LinkedIn\" rel=\"noopener nofollow\"><i class=\"icon-linkedin\" aria-hidden=\"true\"><\/i><\/a><\/div>\n\n<div class=\"is-divider divider clearfix\" style=\"margin-top:0px;margin-bottom:0px;max-width:100%;height:1px;\"><\/div>\n\n\n\t\t<\/div>\n\t\t\t\t\t<\/div>\n\n\t\n\n<\/div>\n\n","protected":false},"excerpt":{"rendered":"","protected":false},"author":1,"featured_media":0,"parent":0,"menu_order":48,"comment_status":"closed","ping_status":"closed","template":"page-blank.php","meta":{"_joinchat":[],"footnotes":""},"class_list":["post-9543","page","type-page","status-publish","hentry"],"aioseo_notices":[],"_links":{"self":[{"href":"https:\/\/www.margheritaviaggi.com\/it\/wp-json\/wp\/v2\/pages\/9543","targetHints":{"allow":["GET"]}}],"collection":[{"href":"https:\/\/www.margheritaviaggi.com\/it\/wp-json\/wp\/v2\/pages"}],"about":[{"href":"https:\/\/www.margheritaviaggi.com\/it\/wp-json\/wp\/v2\/types\/page"}],"author":[{"embeddable":true,"href":"https:\/\/www.margheritaviaggi.com\/it\/wp-json\/wp\/v2\/users\/1"}],"replies":[{"embeddable":true,"href":"https:\/\/www.margheritaviaggi.com\/it\/wp-json\/wp\/v2\/comments?post=9543"}],"version-history":[{"count":6,"href":"https:\/\/www.margheritaviaggi.com\/it\/wp-json\/wp\/v2\/pages\/9543\/revisions"}],"predecessor-version":[{"id":49064,"href":"https:\/\/www.margheritaviaggi.com\/it\/wp-json\/wp\/v2\/pages\/9543\/revisions\/49064"}],"wp:attachment":[{"href":"https:\/\/www.margheritaviaggi.com\/it\/wp-json\/wp\/v2\/media?parent=9543"}],"curies":[{"name":"wp","href":"https:\/\/api.w.org\/{rel}","templated":true}]}}