{"id":9120,"date":"2015-03-06T11:16:29","date_gmt":"2015-03-06T11:16:29","guid":{"rendered":"https:\/\/www.margheritaviaggi.com\/?page_id=9120"},"modified":"2024-03-28T10:55:38","modified_gmt":"2024-03-28T10:55:38","slug":"vacanza-vela-e-windsurf","status":"publish","type":"page","link":"https:\/\/www.margheritaviaggi.com\/it\/vacanza-vela-e-windsurf\/","title":{"rendered":"Vacanza vela e windsurf"},"content":{"rendered":"\n\n\t<section class=\"section hide-for-small\" id=\"section_267737759\">\n\t\t<div class=\"section-bg fill\" >\n\t\t\t\t\t\t\t\t\t\n\t\t\t\n\n\t\t<\/div>\n\n\t\t\n\n\t\t<div class=\"section-content relative\">\n\t\t\t\n\n\t<div id=\"gap-365834621\" class=\"gap-element clearfix\" style=\"display:block; height:auto;\">\n\t\t\n<style>\n#gap-365834621 {\n  padding-top: 15px;\n}\n<\/style>\n\t<\/div>\n\t\n\n<div class=\"row\"  id=\"row-976818790\">\n\n\n\t<div id=\"col-419252827\" class=\"col small-12 large-12\"  >\n\t\t\t\t<div class=\"col-inner\"  >\n\t\t\t\n\t\t\t\n\n\t<div id=\"text-1505933643\" class=\"text\">\n\t\t\n\n<p style=\"margin-bottom: 0px;\"><a href=\"\/\" style=\"color: #949494;\">Home<\/a> > Vacanza vela e windsurf<\/p>\n\n\t\t\n<style>\n#text-1505933643 {\n  font-size: 0.9rem;\n  color: rgb(0, 189, 233);\n}\n#text-1505933643 > * {\n  color: rgb(0, 189, 233);\n}\n<\/style>\n\t<\/div>\n\t\n\n\t\t<\/div>\n\t\t\t\t\n<style>\n#col-419252827 > .col-inner {\n  margin: 0px 0px -20px 0px;\n}\n<\/style>\n\t<\/div>\n\n\t\n\n<\/div>\n\n\t\t<\/div>\n\n\t\t\n<style>\n#section_267737759 {\n  padding-top: 0px;\n  padding-bottom: 0px;\n  background-color: rgb(244, 244, 245);\n}\n<\/style>\n\t<\/section>\n\t\n<div class=\"row row-collapse row-full-width\"  id=\"row-1908798308\">\n\n\n\t<div id=\"col-1030718768\" class=\"col small-12 large-12\"  >\n\t\t\t\t<div class=\"col-inner\"  >\n\t\t\t\n\t\t\t\n\n\n  <div class=\"banner has-hover\" id=\"banner-1018957858\">\n          <div class=\"banner-inner fill\">\n        <div class=\"banner-bg fill\" >\n            <img loading=\"lazy\" decoding=\"async\" width=\"1130\" height=\"636\" src=\"https:\/\/www.margheritaviaggi.com\/wp-content\/uploads\/2015\/03\/Marina-di-Campo-Monolocale-Camilla-Soggiorno.jpg\" class=\"bg attachment-original size-original\" alt=\"\" \/>                                    \n                    <\/div>\n\t\t\n        <div class=\"banner-layers container\">\n            <div class=\"fill banner-link\"><\/div>            \n\n   <div id=\"text-box-1944671184\" class=\"text-box banner-layer x50 md-x50 lg-x50 y50 md-y50 lg-y50 res-text\">\n                                <div class=\"text-box-content text dark\">\n              \n              <div class=\"text-inner text-center\">\n                  \n\n\n              <\/div>\n           <\/div>\n                            \n<style>\n#text-box-1944671184 {\n  width: 60%;\n}\n#text-box-1944671184 .text-box-content {\n  font-size: 100%;\n}\n@media (min-width:550px) {\n  #text-box-1944671184 {\n    width: 60%;\n  }\n}\n<\/style>\n    <\/div>\n \n\n        <\/div>\n      <\/div>\n\n            \n<style>\n#banner-1018957858 {\n  padding-top: 200px;\n  background-color: rgb(255, 255, 255);\n}\n#banner-1018957858 .banner-bg img {\n  object-position: 50% 50%;\n}\n@media (min-width:550px) {\n  #banner-1018957858 {\n    padding-top: 300px;\n  }\n}\n<\/style>\n  <\/div>\n\n\n\n\t\t<\/div>\n\t\t\t\t\n<style>\n#col-1030718768 > .col-inner {\n  margin: 0px 0px -48px 0px;\n}\n@media (min-width:550px) {\n  #col-1030718768 > .col-inner {\n    margin: 0px 0px -60px 0px;\n  }\n}\n<\/style>\n\t<\/div>\n\n\t\n\n<\/div>\n\n\t<section class=\"section\" id=\"section_371765912\">\n\t\t<div class=\"section-bg fill\" >\n\t\t\t\t\t\t\t\t\t\n\t\t\t\n\n\t\t<\/div>\n\n\t\t\n\n\t\t<div class=\"section-content relative\">\n\t\t\t\n\n\t<div id=\"gap-1670451967\" class=\"gap-element clearfix\" style=\"display:block; height:auto;\">\n\t\t\n<style>\n#gap-1670451967 {\n  padding-top: 5px;\n}\n<\/style>\n\t<\/div>\n\t\n\n<div class=\"row\"  id=\"row-1969988732\">\n\n\n\t<div id=\"col-1936130400\" class=\"col small-12 large-12\"  >\n\t\t\t\t<div class=\"col-inner\"  >\n\t\t\t\n\t\t\t\n\n\t<div id=\"text-1978424814\" class=\"text\">\n\t\t\n\n<p style=\"margin-bottom: 0px;\"><strong>Vacanza vela e windsurf<br \/>\n<\/strong><\/p>\n\n\t\t\n<style>\n#text-1978424814 {\n  font-size: 1.5rem;\n  color: rgb(255, 255, 255);\n}\n#text-1978424814 > * {\n  color: rgb(255, 255, 255);\n}\n@media (min-width:550px) {\n  #text-1978424814 {\n    font-size: 2rem;\n  }\n}\n<\/style>\n\t<\/div>\n\t\n\n\t\t<\/div>\n\t\t\t\t\n<style>\n#col-1936130400 > .col-inner {\n  margin: 0px 0px -25px 0px;\n}\n<\/style>\n\t<\/div>\n\n\t\n\n<\/div>\n\n\t\t<\/div>\n\n\t\t\n<style>\n#section_371765912 {\n  padding-top: 0px;\n  padding-bottom: 0px;\n  background-color: rgba(0, 0, 0, 0.7);\n}\n<\/style>\n\t<\/section>\n\t\n<div class=\"row align-middle align-center\"  id=\"row-620631723\">\n\n\n\t<div id=\"col-1625793969\" class=\"col small-12 large-12\"  >\n\t\t\t\t<div class=\"col-inner text-left\"  >\n\t\t\t\n\t\t\t\n\n<p>Trascorrere le vacanze a Marina di Campo significa soggiornare accanto alla spiaggia pi\u00f9 lunga dell&#8217;Isola d&#8217;Elba, che vi conquister\u00e0 con il suo chilometro e mezzo di sabbia fine e dorata e con il suo fondale sabbioso e lentamente digradante nella cristallina acqua del golfo.<\/p>\n<p>Sulla spiaggia si alternano tratti liberi e <u><a href=\"\/it\/stabilimenti-balneari\/\">stabilimenti balneari<\/a><\/u>, ma anche altre strutture hanno qui la loro sede: bar, ristoranti, giochi per bambini e molto altro.<\/p>\n<p>Sulla spiaggia di Marina di Campo si trovano anche il Club del Mare, il pi\u00f9 importante circolo nautico dell&#8217;Isola d&#8217;Elba, e altre scuole di Windsurf.<\/p>\n<p>Che siate appassionati di sport nautici o desideriate cimentarvi per la prima volta in queste attivit\u00e0, a Marina di Campo potrete trovare le attrezzature necessarie e potrete iscrivervi al corso pi\u00f9 adatto al vostro livello di preparazione.<\/p>\n<p>Esistono anche corsi dedicati ai <u><a href=\"\/it\/famiglie-con-bambini\/\">bambini<\/a><\/u> di varie et\u00e0, che hanno cos\u00ec la possibilit\u00e0 di divertirsi con lo sport godendosi la spiaggia e il mare sotto un aspetto totalmente nuovo.<\/p>\n\n\n\t\t<\/div>\n\t\t\t\t\t<\/div>\n\n\t\n\n\t<div id=\"col-1438512397\" class=\"col small-12 large-12\"  >\n\t\t\t\t<div class=\"col-inner\"  >\n\t\t\t\n\t\t\t\n\n<div class=\"is-divider divider clearfix\" style=\"margin-top:0px;margin-bottom:0px;max-width:100%;height:1px;\"><\/div>\n\n\t<div id=\"gap-1754126246\" class=\"gap-element clearfix\" style=\"display:block; height:auto;\">\n\t\t\n<style>\n#gap-1754126246 {\n  padding-top: 10px;\n}\n<\/style>\n\t<\/div>\n\t\n\n<div class=\"social-icons share-icons share-row relative full-width text-center icon-style-fill\" ><span class=\"share-icons-title\">Condividi:<\/span><a href=\"whatsapp:\/\/send?text=Vacanza%20vela%20e%20windsurf - https:\/\/www.margheritaviaggi.com\/it\/vacanza-vela-e-windsurf\/\" data-action=\"share\/whatsapp\/share\" class=\"icon primary button circle tooltip whatsapp show-for-medium\" title=\"Condividi su WhatsApp\" aria-label=\"Condividi su WhatsApp\"><i class=\"icon-whatsapp\" aria-hidden=\"true\"><\/i><\/a><a href=\"https:\/\/www.facebook.com\/sharer.php?u=https:\/\/www.margheritaviaggi.com\/it\/vacanza-vela-e-windsurf\/\" data-label=\"Facebook\" onclick=\"window.open(this.href,this.title,'width=500,height=500,top=300px,left=300px'); return false;\" target=\"_blank\" class=\"icon primary button circle tooltip facebook\" title=\"Condividi su Facebook\" aria-label=\"Condividi su Facebook\" rel=\"noopener nofollow\"><i class=\"icon-facebook\" aria-hidden=\"true\"><\/i><\/a><a href=\"https:\/\/twitter.com\/share?url=https:\/\/www.margheritaviaggi.com\/it\/vacanza-vela-e-windsurf\/\" onclick=\"window.open(this.href,this.title,'width=500,height=500,top=300px,left=300px'); return false;\" target=\"_blank\" class=\"icon primary button circle tooltip twitter\" title=\"Condividi su Twitter\" aria-label=\"Condividi su Twitter\" rel=\"noopener nofollow\"><i class=\"icon-twitter\" aria-hidden=\"true\"><\/i><\/a><a href=\"mailto:?subject=Vacanza%20vela%20e%20windsurf&body=Dai%20un%26%23039%3Bocchiata%3A%20https%3A%2F%2Fwww.margheritaviaggi.com%2Fit%2Fvacanza-vela-e-windsurf%2F\" class=\"icon primary button circle tooltip email\" title=\"Invia per email ad un Amico\" aria-label=\"Invia per email ad un Amico\" rel=\"nofollow\"><i class=\"icon-envelop\" aria-hidden=\"true\"><\/i><\/a><a href=\"https:\/\/pinterest.com\/pin\/create\/button?url=https:\/\/www.margheritaviaggi.com\/it\/vacanza-vela-e-windsurf\/&media=https:\/\/www.margheritaviaggi.com\/wp-content\/uploads\/2015\/03\/Marina-di-Campo-Monolocale-Camilla-Soggiorno-1024x576.jpg&description=Vacanza%20vela%20e%20windsurf\" onclick=\"window.open(this.href,this.title,'width=500,height=500,top=300px,left=300px'); return false;\" target=\"_blank\" class=\"icon primary button circle tooltip pinterest\" title=\"Pin su Pinterest\" aria-label=\"Pin su Pinterest\" rel=\"noopener nofollow\"><i class=\"icon-pinterest\" aria-hidden=\"true\"><\/i><\/a><a href=\"https:\/\/www.linkedin.com\/shareArticle?mini=true&url=https:\/\/www.margheritaviaggi.com\/it\/vacanza-vela-e-windsurf\/&title=Vacanza%20vela%20e%20windsurf\" onclick=\"window.open(this.href,this.title,'width=500,height=500,top=300px,left=300px'); return false;\" target=\"_blank\" class=\"icon primary button circle tooltip linkedin\" title=\"Condividi su LinkedIn\" aria-label=\"Condividi su LinkedIn\" rel=\"noopener nofollow\"><i class=\"icon-linkedin\" aria-hidden=\"true\"><\/i><\/a><\/div>\n\n<div class=\"is-divider divider clearfix\" style=\"margin-top:0px;margin-bottom:0px;max-width:100%;height:1px;\"><\/div>\n\n\n\t\t<\/div>\n\t\t\t\t\t<\/div>\n\n\t\n\n<\/div>\n\n","protected":false},"excerpt":{"rendered":"","protected":false},"author":1,"featured_media":11238,"parent":0,"menu_order":54,"comment_status":"closed","ping_status":"closed","template":"page-blank.php","meta":{"_joinchat":[],"footnotes":""},"class_list":["post-9120","page","type-page","status-publish","has-post-thumbnail","hentry"],"aioseo_notices":[],"_links":{"self":[{"href":"https:\/\/www.margheritaviaggi.com\/it\/wp-json\/wp\/v2\/pages\/9120","targetHints":{"allow":["GET"]}}],"collection":[{"href":"https:\/\/www.margheritaviaggi.com\/it\/wp-json\/wp\/v2\/pages"}],"about":[{"href":"https:\/\/www.margheritaviaggi.com\/it\/wp-json\/wp\/v2\/types\/page"}],"author":[{"embeddable":true,"href":"https:\/\/www.margheritaviaggi.com\/it\/wp-json\/wp\/v2\/users\/1"}],"replies":[{"embeddable":true,"href":"https:\/\/www.margheritaviaggi.com\/it\/wp-json\/wp\/v2\/comments?post=9120"}],"version-history":[{"count":7,"href":"https:\/\/www.margheritaviaggi.com\/it\/wp-json\/wp\/v2\/pages\/9120\/revisions"}],"predecessor-version":[{"id":49130,"href":"https:\/\/www.margheritaviaggi.com\/it\/wp-json\/wp\/v2\/pages\/9120\/revisions\/49130"}],"wp:featuredmedia":[{"embeddable":true,"href":"https:\/\/www.margheritaviaggi.com\/it\/wp-json\/wp\/v2\/media\/11238"}],"wp:attachment":[{"href":"https:\/\/www.margheritaviaggi.com\/it\/wp-json\/wp\/v2\/media?parent=9120"}],"curies":[{"name":"wp","href":"https:\/\/api.w.org\/{rel}","templated":true}]}}