{"id":8854,"date":"2015-03-05T13:16:48","date_gmt":"2015-03-05T13:16:48","guid":{"rendered":"https:\/\/www.margheritaviaggi.com\/?page_id=8854"},"modified":"2024-03-28T11:02:16","modified_gmt":"2024-03-28T11:02:16","slug":"in-vacanza-con-fido","status":"publish","type":"page","link":"https:\/\/www.margheritaviaggi.com\/it\/in-vacanza-con-fido\/","title":{"rendered":"Appartamenti e Case Vacanza Isola d&#8217;Elba Animali Ammessi"},"content":{"rendered":"\n\n\t<section class=\"section hide-for-small\" id=\"section_2117308567\">\n\t\t<div class=\"section-bg fill\" >\n\t\t\t\t\t\t\t\t\t\n\t\t\t\n\n\t\t<\/div>\n\n\t\t\n\n\t\t<div class=\"section-content relative\">\n\t\t\t\n\n\t<div id=\"gap-901108387\" class=\"gap-element clearfix\" style=\"display:block; height:auto;\">\n\t\t\n<style>\n#gap-901108387 {\n  padding-top: 15px;\n}\n<\/style>\n\t<\/div>\n\t\n\n<div class=\"row\"  id=\"row-1091218073\">\n\n\n\t<div id=\"col-588520045\" class=\"col small-12 large-12\"  >\n\t\t\t\t<div class=\"col-inner\"  >\n\t\t\t\n\t\t\t\n\n\t<div id=\"text-3474304717\" class=\"text\">\n\t\t\n\n<p style=\"margin-bottom: 0px;\"><a href=\"\/\" style=\"color: #949494;\">Home<\/a> > Appartamenti e Case Vacanza Isola d\u2019Elba Animali Ammessi<\/p>\n\n\t\t\n<style>\n#text-3474304717 {\n  font-size: 0.9rem;\n  color: rgb(0, 189, 233);\n}\n#text-3474304717 > * {\n  color: rgb(0, 189, 233);\n}\n<\/style>\n\t<\/div>\n\t\n\n\t\t<\/div>\n\t\t\t\t\n<style>\n#col-588520045 > .col-inner {\n  margin: 0px 0px -20px 0px;\n}\n<\/style>\n\t<\/div>\n\n\t\n\n<\/div>\n\n\t\t<\/div>\n\n\t\t\n<style>\n#section_2117308567 {\n  padding-top: 0px;\n  padding-bottom: 0px;\n  background-color: rgb(244, 244, 245);\n}\n<\/style>\n\t<\/section>\n\t\n<div class=\"row row-collapse row-full-width\"  id=\"row-874683809\">\n\n\n\t<div id=\"col-417356795\" class=\"col small-12 large-12\"  >\n\t\t\t\t<div class=\"col-inner\"  >\n\t\t\t\n\t\t\t\n\n\n  <div class=\"banner has-hover\" id=\"banner-141141805\">\n          <div class=\"banner-inner fill\">\n        <div class=\"banner-bg fill\" >\n            <img loading=\"lazy\" decoding=\"async\" width=\"1197\" height=\"855\" src=\"https:\/\/www.margheritaviaggi.com\/wp-content\/uploads\/2015\/03\/MARINA-DI-CAMPO-VACANZA-CON-ANIMALI-CANE_2.jpg\" class=\"bg attachment-original size-original\" alt=\"vacanze con animali isola d&#039;elba\" \/>                                    \n                    <\/div>\n\t\t\n        <div class=\"banner-layers container\">\n            <div class=\"fill banner-link\"><\/div>            \n\n   <div id=\"text-box-335367779\" class=\"text-box banner-layer x50 md-x50 lg-x50 y50 md-y50 lg-y50 res-text\">\n                                <div class=\"text-box-content text dark\">\n              \n              <div class=\"text-inner text-center\">\n                  \n\n\n              <\/div>\n           <\/div>\n                            \n<style>\n#text-box-335367779 {\n  width: 60%;\n}\n#text-box-335367779 .text-box-content {\n  font-size: 100%;\n}\n@media (min-width:550px) {\n  #text-box-335367779 {\n    width: 60%;\n  }\n}\n<\/style>\n    <\/div>\n \n\n        <\/div>\n      <\/div>\n\n            \n<style>\n#banner-141141805 {\n  padding-top: 200px;\n  background-color: rgb(255, 255, 255);\n}\n#banner-141141805 .banner-bg img {\n  object-position: 50% 50%;\n}\n@media (min-width:550px) {\n  #banner-141141805 {\n    padding-top: 300px;\n  }\n}\n<\/style>\n  <\/div>\n\n\n\n\t\t<\/div>\n\t\t\t\t\n<style>\n#col-417356795 > .col-inner {\n  margin: 0px 0px -86px 0px;\n}\n@media (min-width:550px) {\n  #col-417356795 > .col-inner {\n    margin: 0px 0px -60px 0px;\n  }\n}\n<\/style>\n\t<\/div>\n\n\t\n\n<\/div>\n\n\t<section class=\"section\" id=\"section_145335314\">\n\t\t<div class=\"section-bg fill\" >\n\t\t\t\t\t\t\t\t\t\n\t\t\t\n\n\t\t<\/div>\n\n\t\t\n\n\t\t<div class=\"section-content relative\">\n\t\t\t\n\n\t<div id=\"gap-1220913125\" class=\"gap-element clearfix\" style=\"display:block; height:auto;\">\n\t\t\n<style>\n#gap-1220913125 {\n  padding-top: 5px;\n}\n<\/style>\n\t<\/div>\n\t\n\n<div class=\"row\"  id=\"row-1037430467\">\n\n\n\t<div id=\"col-1598989175\" class=\"col small-12 large-12\"  >\n\t\t\t\t<div class=\"col-inner\"  >\n\t\t\t\n\t\t\t\n\n\t<div id=\"text-2736837108\" class=\"text\">\n\t\t\n\n<p style=\"margin-bottom: 0px;\"><strong>Appartamenti e Case Vacanza Isola d\u2019Elba Animali Ammessi<br \/>\n<\/strong><\/p>\n\n\t\t\n<style>\n#text-2736837108 {\n  font-size: 1.5rem;\n  color: rgb(255, 255, 255);\n}\n#text-2736837108 > * {\n  color: rgb(255, 255, 255);\n}\n@media (min-width:550px) {\n  #text-2736837108 {\n    font-size: 2rem;\n  }\n}\n<\/style>\n\t<\/div>\n\t\n\n\t\t<\/div>\n\t\t\t\t\n<style>\n#col-1598989175 > .col-inner {\n  margin: 0px 0px -25px 0px;\n}\n<\/style>\n\t<\/div>\n\n\t\n\n<\/div>\n\n\t\t<\/div>\n\n\t\t\n<style>\n#section_145335314 {\n  padding-top: 0px;\n  padding-bottom: 0px;\n  background-color: rgba(0, 0, 0, 0.7);\n}\n<\/style>\n\t<\/section>\n\t\n<div class=\"row align-middle align-center\"  id=\"row-104035479\">\n\n\n\t<div id=\"col-222172533\" class=\"col small-12 large-12\"  >\n\t\t\t\t<div class=\"col-inner text-left\"  >\n\t\t\t\n\t\t\t\n\n<p>Vacanze con il Cane all&#8217;Isola d&#8217;Elba? Marina di Campo \u00e8 il posto giusto per chi vuole viaggiare in compagnia dei propri amici a quattro zampe!<\/p>\n<p>Il piccolo paese sorge su un terreno completamente pianeggiante, ideale per raggiungere in centro o il proprio appartamento con una passeggiata, ed \u00e8 dotato di tutti i servizi: chi viaggia con il proprio cane, potr\u00e0 tranquillamente fare la spesa per lui nei supermercati in citt\u00e0 o &#8211; in caso di necessit\u00e0 &#8211; avr\u00e0 a sua disposizione la clinica veterinaria e la farmacia.<\/p>\n<p>Il corso pedonale del paese \u00e8 un area chiusa al traffico perfetta per fare quattro passi di giorno o di sera: qui l&#8217;atmosfera \u00e8 sempre piacevolmente vivace e ci si pu\u00f2 intrattenere nei bar o assaggiare la gustosa cucina locale nei numerosi ristorantini o ancora fare shopping nei molti negozi lungo la via. Molte di queste attivit\u00e0 pensano anche a chi passeggia in compagnia del proprio cane, offrendo agli animali dei punti di ristoro con ciotole di acqua fresca.<\/p>\n<p>Il lungomare separa il paese dalla lunga spiaggia di sabbia dorata, in cui le aree libere si alternano a tratti attrezzati dove si trovano bar, ristoranti e <u><a href=\"\/it\/stabilimenti-balneari\/\">stabilimenti balneari<\/a><\/u> che saranno felici di accogliere voi e il vostro cane.<\/p>\n<p>Alle spalle della spiaggia si trova inoltre la pineta di Marina di Campo, che costituisce un riparo fresco e ombreggiato perfetto per passeggiare o riposare durante le ore pi\u00f9 calde.<\/p>\n<p>La bellezza dell&#8217;Isola non si limitano a mare e spiagge: le coste, i boschi, le colline e le montagne sono ricche di sentieri che permettono ai turisti di godersi una natura rigogliosa e scoprire angoli di isola spesso sconosciuti al turismo di massa, mentre i loro cani sfogano la propria voglia di passeggiate in mezzo alla natura.<\/p>\n<p><strong>Qui a\u00a0Marina di Campo ci sono molte case vacanza che ammettono animali e sul sito sono contrassegnate con l&#8217;apposito logo<\/strong>, ma se siete interessati a soluzioni che non indicano la loro disponibilit\u00e0 al riguardo, non scoraggiatevi: <u><a href=\"\/it\/contattaci\/\">contattateci<\/a><\/u> comunque e cercheremo di venirvi incontro.<\/p>\n<p>Logo<\/p>\n<p>Quando ci scrivete per avere un preventivo, <strong>indicate con cura il peso del vostro animale: solo cos\u00ec potremo proporvi le soluzioni pi\u00f9 adatte a voi e al vostro cane!<\/strong><\/p>\n\n\n\t\t<\/div>\n\t\t\t\t\t<\/div>\n\n\t\n\n\t<div id=\"col-1126296672\" class=\"col small-12 large-12\"  >\n\t\t\t\t<div class=\"col-inner\"  >\n\t\t\t\n\t\t\t\n\n<div class=\"is-divider divider clearfix\" style=\"margin-top:0px;margin-bottom:0px;max-width:100%;height:1px;\"><\/div>\n\n\t<div id=\"gap-750170936\" class=\"gap-element clearfix\" style=\"display:block; height:auto;\">\n\t\t\n<style>\n#gap-750170936 {\n  padding-top: 10px;\n}\n<\/style>\n\t<\/div>\n\t\n\n<div class=\"social-icons share-icons share-row relative full-width text-center icon-style-fill\" ><span class=\"share-icons-title\">Condividi:<\/span><a href=\"whatsapp:\/\/send?text=Appartamenti%20e%20Case%20Vacanza%20Isola%20d%26%238217%3BElba%20Animali%20Ammessi - https:\/\/www.margheritaviaggi.com\/it\/in-vacanza-con-fido\/\" data-action=\"share\/whatsapp\/share\" class=\"icon primary button circle tooltip whatsapp show-for-medium\" title=\"Condividi su WhatsApp\" aria-label=\"Condividi su WhatsApp\"><i class=\"icon-whatsapp\" aria-hidden=\"true\"><\/i><\/a><a href=\"https:\/\/www.facebook.com\/sharer.php?u=https:\/\/www.margheritaviaggi.com\/it\/in-vacanza-con-fido\/\" data-label=\"Facebook\" onclick=\"window.open(this.href,this.title,'width=500,height=500,top=300px,left=300px'); return false;\" target=\"_blank\" class=\"icon primary button circle tooltip facebook\" title=\"Condividi su Facebook\" aria-label=\"Condividi su Facebook\" rel=\"noopener nofollow\"><i class=\"icon-facebook\" aria-hidden=\"true\"><\/i><\/a><a href=\"https:\/\/twitter.com\/share?url=https:\/\/www.margheritaviaggi.com\/it\/in-vacanza-con-fido\/\" onclick=\"window.open(this.href,this.title,'width=500,height=500,top=300px,left=300px'); return false;\" target=\"_blank\" class=\"icon primary button circle tooltip twitter\" title=\"Condividi su Twitter\" aria-label=\"Condividi su Twitter\" rel=\"noopener nofollow\"><i class=\"icon-twitter\" aria-hidden=\"true\"><\/i><\/a><a href=\"mailto:?subject=Appartamenti%20e%20Case%20Vacanza%20Isola%20d%26%238217%3BElba%20Animali%20Ammessi&body=Dai%20un%26%23039%3Bocchiata%3A%20https%3A%2F%2Fwww.margheritaviaggi.com%2Fit%2Fin-vacanza-con-fido%2F\" class=\"icon primary button circle tooltip email\" title=\"Invia per email ad un Amico\" aria-label=\"Invia per email ad un Amico\" rel=\"nofollow\"><i class=\"icon-envelop\" aria-hidden=\"true\"><\/i><\/a><a href=\"https:\/\/pinterest.com\/pin\/create\/button?url=https:\/\/www.margheritaviaggi.com\/it\/in-vacanza-con-fido\/&media=https:\/\/www.margheritaviaggi.com\/wp-content\/uploads\/2015\/03\/MARINA-DI-CAMPO-VACANZA-CON-ANIMALI-CANE_2-1024x731.jpg&description=Appartamenti%20e%20Case%20Vacanza%20Isola%20d%26%238217%3BElba%20Animali%20Ammessi\" onclick=\"window.open(this.href,this.title,'width=500,height=500,top=300px,left=300px'); return false;\" target=\"_blank\" class=\"icon primary button circle tooltip pinterest\" title=\"Pin su Pinterest\" aria-label=\"Pin su Pinterest\" rel=\"noopener nofollow\"><i class=\"icon-pinterest\" aria-hidden=\"true\"><\/i><\/a><a href=\"https:\/\/www.linkedin.com\/shareArticle?mini=true&url=https:\/\/www.margheritaviaggi.com\/it\/in-vacanza-con-fido\/&title=Appartamenti%20e%20Case%20Vacanza%20Isola%20d%26%238217%3BElba%20Animali%20Ammessi\" onclick=\"window.open(this.href,this.title,'width=500,height=500,top=300px,left=300px'); return false;\" target=\"_blank\" class=\"icon primary button circle tooltip linkedin\" title=\"Condividi su LinkedIn\" aria-label=\"Condividi su LinkedIn\" rel=\"noopener nofollow\"><i class=\"icon-linkedin\" aria-hidden=\"true\"><\/i><\/a><\/div>\n\n<div class=\"is-divider divider clearfix\" style=\"margin-top:0px;margin-bottom:0px;max-width:100%;height:1px;\"><\/div>\n\n\n\t\t<\/div>\n\t\t\t\t\t<\/div>\n\n\t\n\n<\/div>\n\n","protected":false},"excerpt":{"rendered":"","protected":false},"author":1,"featured_media":9509,"parent":0,"menu_order":56,"comment_status":"closed","ping_status":"closed","template":"page-blank.php","meta":{"_joinchat":[],"footnotes":""},"class_list":["post-8854","page","type-page","status-publish","has-post-thumbnail","hentry"],"aioseo_notices":[],"_links":{"self":[{"href":"https:\/\/www.margheritaviaggi.com\/it\/wp-json\/wp\/v2\/pages\/8854","targetHints":{"allow":["GET"]}}],"collection":[{"href":"https:\/\/www.margheritaviaggi.com\/it\/wp-json\/wp\/v2\/pages"}],"about":[{"href":"https:\/\/www.margheritaviaggi.com\/it\/wp-json\/wp\/v2\/types\/page"}],"author":[{"embeddable":true,"href":"https:\/\/www.margheritaviaggi.com\/it\/wp-json\/wp\/v2\/users\/1"}],"replies":[{"embeddable":true,"href":"https:\/\/www.margheritaviaggi.com\/it\/wp-json\/wp\/v2\/comments?post=8854"}],"version-history":[{"count":9,"href":"https:\/\/www.margheritaviaggi.com\/it\/wp-json\/wp\/v2\/pages\/8854\/revisions"}],"predecessor-version":[{"id":49153,"href":"https:\/\/www.margheritaviaggi.com\/it\/wp-json\/wp\/v2\/pages\/8854\/revisions\/49153"}],"wp:featuredmedia":[{"embeddable":true,"href":"https:\/\/www.margheritaviaggi.com\/it\/wp-json\/wp\/v2\/media\/9509"}],"wp:attachment":[{"href":"https:\/\/www.margheritaviaggi.com\/it\/wp-json\/wp\/v2\/media?parent=8854"}],"curies":[{"name":"wp","href":"https:\/\/api.w.org\/{rel}","templated":true}]}}