{"id":7046,"date":"2015-02-16T16:48:31","date_gmt":"2015-02-16T16:48:31","guid":{"rendered":"https:\/\/www.margheritaviaggi.com\/?page_id=7046"},"modified":"2024-03-28T13:59:29","modified_gmt":"2024-03-28T13:59:29","slug":"gruppi-studenti","status":"publish","type":"page","link":"https:\/\/www.margheritaviaggi.com\/it\/gruppi\/gruppi-studenti\/","title":{"rendered":"Gita Scolastica all&#8217;Isola d&#8217;Elba"},"content":{"rendered":"\n\n\t<section class=\"section hide-for-small\" id=\"section_1338876143\">\n\t\t<div class=\"section-bg fill\" >\n\t\t\t\t\t\t\t\t\t\n\t\t\t\n\n\t\t<\/div>\n\n\t\t\n\n\t\t<div class=\"section-content relative\">\n\t\t\t\n\n\t<div id=\"gap-1726692362\" class=\"gap-element clearfix\" style=\"display:block; height:auto;\">\n\t\t\n<style>\n#gap-1726692362 {\n  padding-top: 15px;\n}\n<\/style>\n\t<\/div>\n\t\n\n<div class=\"row\"  id=\"row-1686858875\">\n\n\n\t<div id=\"col-1389267520\" class=\"col small-12 large-12\"  >\n\t\t\t\t<div class=\"col-inner\"  >\n\t\t\t\n\t\t\t\n\n\t<div id=\"text-90044050\" class=\"text\">\n\t\t\n\n<p style=\"margin-bottom: 0px;\"><a href=\"\/\" style=\"color: #949494;\">Home<\/a><a href=\"\/it\/gruppi\/\" style=\"color: #949494;\"> &gt; Escursioni Isola d\u2019Elba<\/a> > Gita Scolastica all\u2019Isola d\u2019Elba<\/p>\n\n\t\t\n<style>\n#text-90044050 {\n  font-size: 0.9rem;\n  color: rgb(0, 189, 233);\n}\n#text-90044050 > * {\n  color: rgb(0, 189, 233);\n}\n<\/style>\n\t<\/div>\n\t\n\n\t\t<\/div>\n\t\t\t\t\n<style>\n#col-1389267520 > .col-inner {\n  margin: 0px 0px -20px 0px;\n}\n<\/style>\n\t<\/div>\n\n\t\n\n<\/div>\n\n\t\t<\/div>\n\n\t\t\n<style>\n#section_1338876143 {\n  padding-top: 0px;\n  padding-bottom: 0px;\n  background-color: rgb(244, 244, 245);\n}\n<\/style>\n\t<\/section>\n\t\n\n\t<section class=\"section\" id=\"section_1140929603\">\n\t\t<div class=\"section-bg fill\" >\n\t\t\t\t\t\t\t\t\t\n\t\t\t\n\n\t\t<\/div>\n\n\t\t\n\n\t\t<div class=\"section-content relative\">\n\t\t\t\n\n\t<div id=\"gap-652833791\" class=\"gap-element clearfix\" style=\"display:block; height:auto;\">\n\t\t\n<style>\n#gap-652833791 {\n  padding-top: 5px;\n}\n<\/style>\n\t<\/div>\n\t\n\n<div class=\"row\"  id=\"row-1577713649\">\n\n\n\t<div id=\"col-151426562\" class=\"col small-12 large-12\"  >\n\t\t\t\t<div class=\"col-inner\"  >\n\t\t\t\n\t\t\t\n\n\t<div id=\"text-416349077\" class=\"text\">\n\t\t\n\n<p style=\"margin-bottom: 0px;\"><strong>Gita Scolastica all\u2019Isola d\u2019Elba<\/strong><\/p>\n\n\t\t\n<style>\n#text-416349077 {\n  font-size: 1.5rem;\n  color: rgb(255, 255, 255);\n}\n#text-416349077 > * {\n  color: rgb(255, 255, 255);\n}\n@media (min-width:550px) {\n  #text-416349077 {\n    font-size: 2rem;\n  }\n}\n<\/style>\n\t<\/div>\n\t\n\n\t\t<\/div>\n\t\t\t\t\n<style>\n#col-151426562 > .col-inner {\n  margin: 0px 0px -25px 0px;\n}\n<\/style>\n\t<\/div>\n\n\t\n\n<\/div>\n\n\t\t<\/div>\n\n\t\t\n<style>\n#section_1140929603 {\n  padding-top: 0px;\n  padding-bottom: 0px;\n  background-color: rgb(5, 18, 27);\n}\n<\/style>\n\t<\/section>\n\t\n<div class=\"row\"  id=\"row-163985423\">\n\n\n\t<div id=\"col-1744425681\" class=\"col small-12 large-12\"  >\n\t\t\t\t<div class=\"col-inner text-center\"  >\n\t\t\t\n\t\t\t\n\n\t<div id=\"text-770234167\" class=\"text\">\n\t\t\n\n<p>L\u2019isola d\u2019Elba ha molto da offrire, sia dal punto di vista naturalistico che da quello storico-culturale ed \u00e8 quindi un\u2019ottima met\u00e0 per le <b> scolaresche in gita<\/b>.<\/p>\n<p>Abbiamo un sito dedicato alle gite scolastiche e ai viaggi di istruzione per scuole di ogni ordine e grado.<br \/>Si chiama <b><u><a href=\"https:\/\/www.naturalmenteelba.it\/viaggi-istruzione\/\">NATURALMENTE ELBA<\/a><\/u><\/b>: entrando nel sito troverete tanti programmi e tante escursioni adatte ai <b>gruppi di studenti all&#8217;Elba<\/b><\/p>\n<p>L&#8217;Isola d&#8217;Elba \u00e8 particolarmente significativa dal punto di vista <b>geologico<\/b> per la grande variet\u00e0 di terreni e minerali che la compongono e altrettanto interessante per la grande diversificazione di flora e di fauna che queste differenze territoriali comportano; inoltre l\u2019isola reca le tracce del suo passato di estrazione mineraria in numerose miniere, alcune ancora visitabili con gite guidate.<\/p>\n<p>Dal punto di vista <b>culturale e storico<\/b>, l\u2019isola ha molto da offrire: abitata fin dalla preistoria, reca numerose tracce dei domini che nel tempo si sono susseguiti sul territorio: dapprima dominata dalla Grecia, pass\u00f2 poi in mano etrusca, epoca a cui risalgono alcune miniere di Rio nell\u2019Elba, e poi, per molti secoli, in quella romana, come testimonia la Villa delle Grotte.<\/p>\n<p>Nel medioevo fu governata prima da Pisa, che ha lasciato testimonianze come la Fortezza Pisana di Marciana e il Castello del Volterraio di Rio nell\u2019Elba, poi dagli Appiani, principi di Piombino.<\/p>\n<p>Quando il dominio passo nelle mani di Firenze e di Cosimo de Medici, l\u2019Isola conobbe un ulteriore periodo di splendore, testimoniato oggi dal Forte Focardo di Porto Azzurro e dalla la fortezza di San Giacomo a Portoferraio.<\/p>\n<p>Chi per\u00f2 lasci\u00f2 alcune delle tracce pi\u00f9 evidenti sul territorio fu Napoleone, che regn\u00f2 sull\u2019Isola tra il 1814 e il 1815: la Palazzina dei Mulini che domina Portoferraio, la Villa di San Martino nella campagna fuori dalla citt\u00e0 e il santuario della Madonna del Monte a Marciana sono solo alcuni dei siti di interesse legati al suo regno.<\/p>\n<p>Dopo trenta anni di esperienza nel campo, la nostra agenzia \u00e8 in grado di offrirvi supporto nell&#8217;<b>organizzazione di gite scolastiche per studenti<\/b> di varie et\u00e0.<\/p>\n<p>Proponiamo <b>escursioni di carattere culturale e naturalistico<\/b>, con percorsi ad hoc per le esigenze del gruppo e con diverse durate, dalla visita guidata alle Ville Napoleoniche, all&#8217;escursione di trekking lungo uno dei tantissimi percorsi che attraversano l&#8217;isola, alla gita guidata in mountain bike.<\/p>\n<p>Grazie a convenzioni con traghetti, hotel, ristoranti e guide professioniste possiamo garantire sempre un servizio di alta qualit\u00e0 e affidabilit\u00e0 a prezzi competitivi.<\/p>\n\n\t\t\n<style>\n#text-770234167 {\n  text-align: left;\n}\n<\/style>\n\t<\/div>\n\t\n\n\t\t<\/div>\n\t\t\t\t\t<\/div>\n\n\t\n\n\t<div id=\"col-1087092387\" class=\"col small-12 large-12\"  >\n\t\t\t\t<div class=\"col-inner\"  >\n\t\t\t\n\t\t\t\n\n<div class=\"is-divider divider clearfix\" style=\"margin-top:0px;margin-bottom:0px;max-width:100%;height:1px;\"><\/div>\n\n\t<div id=\"gap-1185084376\" class=\"gap-element clearfix\" style=\"display:block; height:auto;\">\n\t\t\n<style>\n#gap-1185084376 {\n  padding-top: 10px;\n}\n<\/style>\n\t<\/div>\n\t\n\n<div class=\"social-icons share-icons share-row relative full-width text-center icon-style-fill\" ><span class=\"share-icons-title\">Condividi:<\/span><a href=\"whatsapp:\/\/send?text=Gita%20Scolastica%20all%26%238217%3BIsola%20d%26%238217%3BElba - https:\/\/www.margheritaviaggi.com\/it\/gruppi\/gruppi-studenti\/\" data-action=\"share\/whatsapp\/share\" class=\"icon primary button circle tooltip whatsapp show-for-medium\" title=\"Condividi su WhatsApp\" aria-label=\"Condividi su WhatsApp\"><i class=\"icon-whatsapp\" aria-hidden=\"true\"><\/i><\/a><a href=\"https:\/\/www.facebook.com\/sharer.php?u=https:\/\/www.margheritaviaggi.com\/it\/gruppi\/gruppi-studenti\/\" data-label=\"Facebook\" onclick=\"window.open(this.href,this.title,'width=500,height=500,top=300px,left=300px'); return false;\" target=\"_blank\" class=\"icon primary button circle tooltip facebook\" title=\"Condividi su Facebook\" aria-label=\"Condividi su Facebook\" rel=\"noopener nofollow\"><i class=\"icon-facebook\" aria-hidden=\"true\"><\/i><\/a><a href=\"https:\/\/twitter.com\/share?url=https:\/\/www.margheritaviaggi.com\/it\/gruppi\/gruppi-studenti\/\" onclick=\"window.open(this.href,this.title,'width=500,height=500,top=300px,left=300px'); return false;\" target=\"_blank\" class=\"icon primary button circle tooltip twitter\" title=\"Condividi su Twitter\" aria-label=\"Condividi su Twitter\" rel=\"noopener nofollow\"><i class=\"icon-twitter\" aria-hidden=\"true\"><\/i><\/a><a href=\"mailto:?subject=Gita%20Scolastica%20all%26%238217%3BIsola%20d%26%238217%3BElba&body=Dai%20un%26%23039%3Bocchiata%3A%20https%3A%2F%2Fwww.margheritaviaggi.com%2Fit%2Fgruppi%2Fgruppi-studenti%2F\" class=\"icon primary button circle tooltip email\" title=\"Invia per email ad un Amico\" aria-label=\"Invia per email ad un Amico\" rel=\"nofollow\"><i class=\"icon-envelop\" aria-hidden=\"true\"><\/i><\/a><a href=\"https:\/\/pinterest.com\/pin\/create\/button?url=https:\/\/www.margheritaviaggi.com\/it\/gruppi\/gruppi-studenti\/&media&description=Gita%20Scolastica%20all%26%238217%3BIsola%20d%26%238217%3BElba\" onclick=\"window.open(this.href,this.title,'width=500,height=500,top=300px,left=300px'); return false;\" target=\"_blank\" class=\"icon primary button circle tooltip pinterest\" title=\"Pin su Pinterest\" aria-label=\"Pin su Pinterest\" rel=\"noopener nofollow\"><i class=\"icon-pinterest\" aria-hidden=\"true\"><\/i><\/a><a href=\"https:\/\/www.linkedin.com\/shareArticle?mini=true&url=https:\/\/www.margheritaviaggi.com\/it\/gruppi\/gruppi-studenti\/&title=Gita%20Scolastica%20all%26%238217%3BIsola%20d%26%238217%3BElba\" onclick=\"window.open(this.href,this.title,'width=500,height=500,top=300px,left=300px'); return false;\" target=\"_blank\" class=\"icon primary button circle tooltip linkedin\" title=\"Condividi su LinkedIn\" aria-label=\"Condividi su LinkedIn\" rel=\"noopener nofollow\"><i class=\"icon-linkedin\" aria-hidden=\"true\"><\/i><\/a><\/div>\n\n<div class=\"is-divider divider clearfix\" style=\"margin-top:0px;margin-bottom:0px;max-width:100%;height:1px;\"><\/div>\n\n\n\t\t<\/div>\n\t\t\t\t\t<\/div>\n\n\t\n\n<\/div>\n\n","protected":false},"excerpt":{"rendered":"","protected":false},"author":1,"featured_media":0,"parent":2440,"menu_order":74,"comment_status":"closed","ping_status":"closed","template":"page-blank.php","meta":{"_joinchat":[],"footnotes":""},"class_list":["post-7046","page","type-page","status-publish","hentry"],"aioseo_notices":[],"_links":{"self":[{"href":"https:\/\/www.margheritaviaggi.com\/it\/wp-json\/wp\/v2\/pages\/7046","targetHints":{"allow":["GET"]}}],"collection":[{"href":"https:\/\/www.margheritaviaggi.com\/it\/wp-json\/wp\/v2\/pages"}],"about":[{"href":"https:\/\/www.margheritaviaggi.com\/it\/wp-json\/wp\/v2\/types\/page"}],"author":[{"embeddable":true,"href":"https:\/\/www.margheritaviaggi.com\/it\/wp-json\/wp\/v2\/users\/1"}],"replies":[{"embeddable":true,"href":"https:\/\/www.margheritaviaggi.com\/it\/wp-json\/wp\/v2\/comments?post=7046"}],"version-history":[{"count":5,"href":"https:\/\/www.margheritaviaggi.com\/it\/wp-json\/wp\/v2\/pages\/7046\/revisions"}],"predecessor-version":[{"id":49177,"href":"https:\/\/www.margheritaviaggi.com\/it\/wp-json\/wp\/v2\/pages\/7046\/revisions\/49177"}],"up":[{"embeddable":true,"href":"https:\/\/www.margheritaviaggi.com\/it\/wp-json\/wp\/v2\/pages\/2440"}],"wp:attachment":[{"href":"https:\/\/www.margheritaviaggi.com\/it\/wp-json\/wp\/v2\/media?parent=7046"}],"curies":[{"name":"wp","href":"https:\/\/api.w.org\/{rel}","templated":true}]}}